{"id":606,"date":"2024-12-27T18:01:36","date_gmt":"2024-12-27T17:01:36","guid":{"rendered":"https:\/\/www.fcl-portastampi.it\/?page_id=606"},"modified":"2024-12-27T20:51:17","modified_gmt":"2024-12-27T19:51:17","slug":"privacy-it","status":"publish","type":"page","link":"https:\/\/www.fcl-portastampi.it\/index.php\/privacy-it\/","title":{"rendered":"Privacy IT"},"content":{"rendered":"\t\t<div data-elementor-type=\"wp-page\" data-elementor-id=\"606\" class=\"elementor elementor-606\">\n\t\t\t\t<div class=\"elementor-element elementor-element-b208d5f e-flex e-con-boxed e-con e-parent\" data-id=\"b208d5f\" data-element_type=\"container\">\n\t\t\t\t\t<div class=\"e-con-inner\">\n\t\t\t\t<div class=\"elementor-element elementor-element-199ffb1 elementor-widget elementor-widget-text-editor\" data-id=\"199ffb1\" data-element_type=\"widget\" data-widget_type=\"text-editor.default\">\n\t\t\t\t<div class=\"elementor-widget-container\">\n\t\t\t\t\t\t\t\t\t<h1 class=\"western\" align=\"center\"><span style=\"font-family: inherit;\"><span style=\"font-size: 300%;\">Privacy policy<\/span><\/span><\/h1><p><!-- \/wp:heading --><!-- wp:paragraph --><\/p><p align=\"center\"><span style=\"color: #272343;\"><span style=\"font-family: Poppins, sans-serif;\"><span style=\"font-size: medium;\">INFORMATIVA SUL TRATTAMENTO DEI DATI PERSONALI<\/span><\/span><\/span><\/p><p><span style=\"color: #272343;\"><span style=\"font-family: Poppins, sans-serif;\"><span style=\"font-size: medium;\">degli utenti che consultano il presente sito web ai sensi dell\u2019articolo 13 del Regolamento Europeo 2016\/679 (\u201cGDPR\u201d)<\/span><\/span><\/span><\/p><p><span style=\"color: #272343;\"><span style=\"font-family: Poppins, sans-serif;\"><span style=\"font-size: medium;\">Questa pagina descrive, ai sensi del Regolamento (UE) 2016\/679, le modalit\u00e0 di trattamento dei Dati Personali degli utenti raccolti durante la navigazione del presente Sito\u00a0<\/span><\/span><\/span><a href=\"https:\/\/www.fcl-portastampi.it\/\"><em><span style=\"color: #272343;\"><span style=\"font-family: Poppins, sans-serif;\"><span style=\"font-size: medium;\"><i><u><b>www.<\/b><\/u><\/i><\/span><\/span><\/span><\/em><em><span style=\"color: #272343;\"><span style=\"font-family: Poppins, sans-serif;\"><span style=\"font-size: medium;\"><i><u><b>fcl-portastampi<\/b><\/u><\/i><\/span><\/span><\/span><\/em><em><span style=\"color: #272343;\"><span style=\"font-family: Poppins, sans-serif;\"><span style=\"font-size: medium;\"><i><u><b>.it<\/b><\/u><\/i><\/span><\/span><\/span><\/em><\/a><span style=\"color: #272343;\"><span style=\"font-family: Poppins, sans-serif;\"><span style=\"font-size: medium;\">\u00a0o conferiti direttamente dall\u2019interessato attraverso la compilazione di moduli e indirizzi di contatto.<\/span><\/span><\/span><\/p><p><span style=\"color: #272343;\"><span style=\"font-family: Poppins, sans-serif;\"><span style=\"font-size: medium;\">Le presenti informazioni non riguardano altri siti, pagine o servizi online raggiungibili tramite link ipertestuali eventualmente pubblicati nel sito ma riferiti a risorse esterne al presente sito.<\/span><\/span><\/span><\/p><p><!-- \/wp:paragraph --><!-- wp:heading --><\/p><h2 class=\"western\"><a name=\"1-titolare-del-trattamento-dei-dati\"><\/a> <span style=\"color: #272343;\"><span style=\"font-family: inherit;\"><span style=\"font-size: xx-large;\">1. Titolare del Trattamento dei Dati<\/span><\/span><\/span><\/h2><p><!-- \/wp:heading --><!-- wp:paragraph --><\/p><p><span style=\"color: #272343;\"><span style=\"font-family: Poppins, sans-serif;\"><span style=\"font-size: medium;\">Titolare del trattamento \u00e8 Luigi Colli \u2013 Via Cavour, 351 Cislago (VA) \u2013 C.F. CLLLGU70P18L319Q e P. IVA IT00783140122- Email <a href=\"mailto:privacy@fcl-portastampi.it\">privacy@fcl-portastampi.it<\/a>.<\/span><\/span><\/span><\/p><p><!-- \/wp:paragraph --><!-- wp:paragraph --><!-- \/wp:paragraph --><!-- wp:heading --><!-- \/wp:paragraph --><!-- wp:heading --><\/p><h2 class=\"western\"><a name=\"2-responsabile-della-protezione-dei-dati\"><\/a> <span style=\"color: #272343;\"><span style=\"font-family: inherit;\"><span style=\"font-size: xx-large;\">2. Responsabile della protezione dei dati<\/span><\/span><\/span><\/h2><p><!-- \/wp:heading --><!-- wp:paragraph --><\/p><p><span style=\"color: #272343;\"><span style=\"font-family: Poppins, sans-serif;\"><span style=\"font-size: medium;\">Il Titolare del Trattamento non ha ritenuto opportuno designare il Responsabile della protezione dei dati personali (RDP o anche DPO).<\/span><\/span><\/span><\/p><p><!-- \/wp:paragraph --><!-- wp:paragraph --><!-- \/wp:paragraph --><!-- wp:paragraph --><!-- \/wp:paragraph --><!-- wp:paragraph --><!-- \/wp:paragraph --><!-- wp:heading --><\/p><h2 class=\"western\"><a name=\"3-tipologie-di-dati-raccolti-finalita-base-giuridica\"><\/a> <span style=\"color: #272343;\"><span style=\"font-family: inherit;\"><span style=\"font-size: xx-large;\">3. Tipologie di Dati raccolti \u2013 Finalit\u00e0 \u2013 Base giuridica<\/span><\/span><\/span><\/h2><p><!-- \/wp:heading --><!-- wp:paragraph --><!-- \/wp:paragraph --><!-- wp:heading --><\/p><h4 class=\"western\"><a name=\"3-2-modulo-richiesta-informazioni-richiedi-un-preventivo-gratuito-e-contattami\"><\/a> <span style=\"color: #272343;\"><span style=\"font-family: inherit;\"><span style=\"font-size: xx-large;\">3.1 MODULO \u201cCONTATTAMI\u201d<\/span><\/span><\/span><\/h4><p><!-- \/wp:heading --><!-- wp:paragraph --><\/p><p><em><span style=\"color: #272343;\"><span style=\"font-family: Poppins, sans-serif;\"><span style=\"font-size: medium;\"><i><b>Dati conferiti direttamente dall\u2019interessato attraverso la compilazione e l\u2019invio dei moduli di contatto.<\/b><\/i><\/span><\/span><\/span><\/em><span style=\"color: #272343;\"><span style=\"font-family: Poppins, sans-serif;\"><span style=\"font-size: medium;\">\u00a0L\u2019invio esplicito e volontario di messaggi agli indirizzi di contatto, comportano l\u2019acquisizione dei dati di contatto del mittente, nonch\u00e9 di tutti i dati personali inclusi nelle comunicazioni.<\/span><\/span><\/span><\/p><p><span style=\"color: #272343;\"><span style=\"font-family: Poppins, sans-serif;\"><span style=\"font-size: medium;\">Tali dati vengono trattati per le seguenti finalit\u00e0 e nel rispetto delle relative basi giuridiche del trattamento, per un periodo di conservazione non superiore a quello necessario agli scopi per i quali sono stati raccolti e trattati.<\/span><\/span><\/span><\/p><p><em><span style=\"color: #272343;\"><span style=\"font-family: Poppins, sans-serif;\"><span style=\"font-size: medium;\"><i><b>Finalit\u00e0:<\/b><\/i><\/span><\/span><\/span><\/em><span style=\"color: #272343;\"><span style=\"font-family: Poppins, sans-serif;\"><span style=\"font-size: medium;\">\u00a0rispondere alle richieste inviate dall\u2019interessato.Tali comunicazioni possono avvenire attraverso posta elettronica e tramite altri canali quali telefonate, posta ordinaria, fax, sms e social.<br \/><\/span><\/span><\/span><strong><span style=\"color: #272343;\"><span style=\"font-family: Poppins, sans-serif;\"><span style=\"font-size: medium;\"><i><b>Base Giuridica<\/b><\/i><\/span><\/span><\/span><\/strong><span style=\"color: #272343;\"><span style=\"font-family: Poppins, sans-serif;\"><span style=\"font-size: medium;\">: legittimo interesse <\/span><\/span><\/span><span style=\"color: #272343;\"><span style=\"font-family: Poppins, sans-serif;\"><span style=\"font-size: medium;\">e <\/span><\/span><\/span><span style=\"color: #272343;\"><span style=\"font-family: Poppins, sans-serif;\"><span style=\"font-size: medium;\">consenso dell\u2019interessato<\/span><\/span><\/span><span style=\"color: #272343;\"><span style=\"font-family: Poppins, sans-serif;\"><span style=\"font-size: medium;\">, il trattamento \u00e8 necessario per rispondere alle richieste; per l\u2019esecuzione di misure precontrattuali adottate su richiesta dell\u2019interessato.<\/span><\/span><\/span><\/p><p><!-- \/wp:paragraph --><!-- wp:paragraph --><!-- \/wp:paragraph --><!-- wp:heading --><\/p><h4 class=\"western\"><a name=\"3-4-dati-di-navigazione-del-sito-web\"><\/a> <span style=\"color: #272343;\"><span style=\"font-family: inherit;\"><span style=\"font-size: xx-large;\">3.2 Dati di navigazione del sito web<\/span><\/span><\/span><\/h4><p><!-- \/wp:heading --><!-- wp:paragraph --><\/p><p><span style=\"color: #272343;\"><span style=\"font-family: Poppins, sans-serif;\"><span style=\"font-size: medium;\">Il presente sito, per il suo corretto funzionamento, acquisisce durante la normale navigazione alcuni dati personali, tra cui gli indirizzi IP o i nomi a dominio dei computer utilizzati dagli utenti che si connettono al sito, gli indirizzi in notazione URI (Uniform Resource Identifier) delle risorse richieste, l\u2019orario della richiesta, il metodo utilizzato nel sottoporre la richiesta al server, la dimensione del file ottenuto in risposta, il codice numerico indicante lo stato della risposta data dal server (buon fine, errore, ecc.) e altri parametri relativi al sistema operativo e all\u2019ambiente informatico dell\u2019utente. I dati di navigazione vengono acquisiti non per finalit\u00e0 di identificazione degli utenti, ma all\u2019unico fine di raccogliere, in forma anonima, informazioni statistiche sull\u2019utilizzo del sito e dei suoi servizi.<\/span><\/span><\/span><\/p><p><!-- \/wp:paragraph --><!-- wp:heading --><\/p><h3 class=\"western\"><a name=\"3-5-cookie\"><\/a> <span style=\"color: #272343;\"><span style=\"font-family: inherit;\"><span style=\"font-size: xx-large;\">3.3 Cookie<\/span><\/span><\/span><\/h3><p><span style=\"color: #272343;\"><span style=\"font-family: Poppins, sans-serif;\"><span style=\"font-size: medium;\">I cookie sono stringhe di testo di piccole dimensioni che i siti visitati dall\u2019utente inviano al suo terminale (solitamente al browser), dove vengono memorizzati per essere poi ritrasmessi agli stessi siti alla successiva visita del medesimo utente. Nel corso della navigazione su un sito, l\u2019utente pu\u00f2 ricevere sul suo terminale anche cookie che vengono inviati da siti o da web server diversi (c.d. \u201cterze parti\u201d), sui quali possono risiedere alcuni elementi (quali, ad esempio, immagini, mappe, suoni, specifici link a pagine di altri domini) presenti sul sito che lo stesso sta visitando. I cookie, solitamente presenti nei browser degli utenti in numero molto elevato e a volte anche con caratteristiche di ampia persistenza temporale, sono usati per differenti finalit\u00e0: esecuzione di autenticazioni informatiche, monitoraggio di sessioni, memorizzazione di informazioni su specifiche configurazioni riguardanti gli utenti che accedono al server, ecc. Al riguardo, e ai fini del presente provvedimento, si individuano pertanto due macro-categorie: cookie \u201ctecnici\u201d e cookie \u201cdi profilazione\u201d. Per approfondimenti si rimanda alla Cookie Policy.<\/span><\/span><\/span><\/p><h2 class=\"western\"><a name=\"4-consenso-del-minore-in-relazione-ai-servizi-della-societa-dell-informazione\"><\/a> <span style=\"color: #272343;\"><span style=\"font-family: inherit;\"><span style=\"font-size: xx-large;\">4. <\/span><\/span><\/span><span style=\"color: #272343;\"><span style=\"font-family: inherit;\"><span style=\"font-size: xx-large;\">Categorie di destinatari dei dati personali<\/span><\/span><\/span><\/h2><p><span style=\"color: #272343;\"><span style=\"font-family: Poppins, sans-serif;\"><span style=\"font-size: medium;\">Le seguenti categorie di soggetti possono venire a conoscenza dei Suoi dati: Titolare e soggetti autorizzati al trattamento, nominati per iscritto dalla scrivente societ\u00e0 quali soci, addetti alla contabilit\u00e0 ed alla fatturazione, addetti commerciali oltre che soggetti consulenti, in qualit\u00e0 di responsabili esterni, nei limiti necessari per svolgere il loro incarico presso la nostra organizzazione, previo lettera di incarico e\/o stipula contratto che imponga il dovere di riservatezza e sicurezza, nonch\u00e9 soggetti che hanno necessit\u00e0 di accedere ai dati per consulenze legali, con finalit\u00e0 ausiliare al rapporto che intercorre tra le parti, quali l\u2019esecuzione dei contratti in atto, nei limiti strettamente necessari per svolgere i compiti ausiliari loro affidati.<\/span><\/span><\/span><\/p><p><span style=\"color: #272343;\"><span style=\"font-family: Poppins, sans-serif;\"><span style=\"font-size: medium;\">Oltre al Titolare, in alcuni casi, potrebbero avere accesso ai Dati altri soggetti coinvolti nell\u2019organizzazione di questo Sito Web (personale amministrativo, commerciale, marketing, legali, amministratori di sistema) ovvero soggetti esterni (come fornitori di servizi tecnici terzi, corrieri postali, hosting provider, societ\u00e0 informatiche, agenzie di comunicazione) nominati anche, se necessario, Responsabili del Trattamento da parte del Titolare. L\u2019elenco aggiornato dei Responsabili potr\u00e0 sempre essere richiesto al Titolare del Trattamento.<\/span><\/span><\/span><\/p><h2><strong><span style=\"color: #272343;\"><span style=\"font-family: inherit;\"><span style=\"font-size: xx-large;\"><b>5. Modalit\u00e0 del trattamento<\/b><\/span><\/span><\/span><\/strong><\/h2><p><!-- \/wp:heading --><!-- wp:paragraph --><\/p><p><span style=\"color: #272343;\"><span style=\"font-family: Poppins, sans-serif;\"><span style=\"font-size: medium;\">Il trattamento dei dati avviene mediante l\u2019utilizzo di strumenti e procedure idonei a garantirne sicurezza e riservatezza e potr\u00e0 essere effettuato sia mediante supporti cartacei, sia attraverso l\u2019ausilio di mezzi informatici automatizzati, atti a memorizzare, gestire e trasmettere i dati stessi.<\/span><\/span><\/span><\/p><p><span style=\"color: #272343;\"><span style=\"font-family: Poppins, sans-serif;\"><span style=\"font-size: medium;\">I Dati saranno trattati dal Titolare, presso le proprie sedi operative ovvero all\u2019interno del territorio dell\u2019Unione Europea e dello Spazio Economico Europeo. Qualora per ragioni di natura tecnica, organizzativa e\/o operativa si renda necessario avvalersi di soggetti (tra quelli indicati nel precedente elenco) ubicati al di fuori dell\u2019Unione Europea o dello Spazio Economico Europeo, si informa che la Societ\u00e0 assicurer\u00e0 che il trattamento dei dati da parte di questi soggetti avvenga nel rispetto della normativa applicabile. Pertanto, i trasferimenti verranno effettuati tramite adeguate garanzie, quali decisioni di adeguatezza, modelli di Clausole Contrattuali Standard approvate dalla Commissione Europea o altre garanzie considerate adeguate. L\u2019interessato potr\u00e0 richiedere maggiori informazioni scrivendo al seguente indirizzo di posta elettronica: <a href=\"mailto:privacy@fcl-portastampi.it\">privacy@fcl-portastampi.it<\/a>.<\/span><\/span><\/span><\/p><h2 class=\"western\"><strong><span style=\"color: #272343;\"><span style=\"font-family: inherit;\"><span style=\"font-size: xx-large;\"><b>6. Comunicazione e diffusione<\/b><\/span><\/span><\/span><\/strong><\/h2><p><!-- \/wp:paragraph --><\/p><p><span style=\"color: #272343;\"><span style=\"font-family: Poppins, sans-serif;\"><span style=\"font-size: medium;\">I dati non verranno diffusi a soggetti indeterminati mediante la loro messa a disposizione o consultazione.<\/span><\/span><\/span><\/p><p><span style=\"color: #272343;\"><span style=\"font-family: Poppins, sans-serif;\"><span style=\"font-size: medium;\">I dati potranno essere comunicati, per quanto di loro rispettiva e specifica competenza, ad Enti ed in generale ad ogni soggetto pubblico o privato rispetto al quale vi sia per noi obbligo (o facolt\u00e0 riconosciuta da norme di legge o di normativa secondaria o comunitaria) o necessit\u00e0 di comunicazione.<\/span><\/span><\/span><\/p><h2 class=\"western\"><strong><span style=\"color: #272343;\"><span style=\"font-family: inherit;\"><span style=\"font-size: xx-large;\"><b>7. Diritti degli interessati<\/b><\/span><\/span><\/span><\/strong><\/h2><p><span style=\"color: #272343;\"><span style=\"font-family: Poppins, sans-serif;\"><span style=\"font-size: medium;\">Gli artt. dal 15 al 22 del GDPR UE 2016\/679 conferiscono agli interessati specifici diritti. In particolare, il diritto di ottenere conferma dell\u2019esistenza o meno di dati personali, l\u2019accesso ai dati personali e la rettifica o la cancellazione degli stessi o la limitazione del trattamento che lo riguardano o di opporsi al loro trattamento, oltre al diritto alla portabilit\u00e0 dei dati, la comunicazione di tali dati e le finalit\u00e0 su cui si basa il trattamento. Inoltre, gli interessati hanno il diritto di ottenere la revoca del consenso in qualsiasi momento senza pregiudicare la liceit\u00e0 del trattamento basata sul consenso prestato prima della revoca, la trasformazione in forma anonima o il blocco dei dati trattati in violazione di legge, nonch\u00e9 l\u2019aggiornamento o, qualora sussista un interesse in merito, l\u2019integrazione dei dati. Gli interessati hanno il diritto di opporsi, per motivi legittimi, al trattamento stesso.<\/span><\/span><\/span><\/p><p><span style=\"color: #272343;\"><span style=\"font-family: Poppins, sans-serif;\"><span style=\"font-size: medium;\">Le segnalazioni per ogni eventuale variazione dei dati personali devono pervenire tempestivamente al Responsabile del trattamento in modo da poter ottemperare all\u2019art. 16 della suddetta normativa, che richiede che i dati raccolti siano esatti e, quindi, aggiornati.<\/span><\/span><\/span><\/p><p><span style=\"color: #272343;\"><span style=\"font-family: Poppins, sans-serif;\"><span style=\"font-size: medium;\">Gli interessati che ritengono che il trattamento dei dati personali a loro riferiti effettuato attraverso questo sito avvenga in violazione di quanto previsto dal Regolamento hanno il diritto di proporre reclamo a un\u2019autorit\u00e0 di controllo (per l\u2019Italia: Garante per la protezione dei dati personali\u00a0<\/span><\/span><\/span><a href=\"https:\/\/www.garanteprivacy.it\/\" target=\"_blank\" rel=\"noopener\"><span style=\"color: #272343;\"><span style=\"font-family: Poppins, sans-serif;\"><span style=\"font-size: medium;\"><u>www.garanteprivacy.it<\/u><\/span><\/span><\/span><\/a><span style=\"color: #272343;\"><span style=\"font-family: Poppins, sans-serif;\"><span style=\"font-size: medium;\">), come previsto dall\u2019art. 77 del Regolamento stesso, o di adire le opportune sedi giudiziarie (art. 79 del Regolamento).<\/span><\/span><\/span><\/p>\t\t\t\t\t\t\t\t<\/div>\n\t\t\t\t<\/div>\n\t\t\t\t\t<\/div>\n\t\t\t\t<\/div>\n\t\t\t\t<\/div>\n\t\t","protected":false},"excerpt":{"rendered":"<p>Privacy policy INFORMATIVA SUL TRATTAMENTO DEI DATI PERSONALI degli utenti che consultano il presente sito web ai sensi dell\u2019articolo 13 del Regolamento Europeo 2016\/679 (\u201cGDPR\u201d) Questa pagina descrive, ai sensi del Regolamento (UE) 2016\/679, le modalit\u00e0 di trattamento dei Dati Personali degli utenti raccolti durante la navigazione del presente Sito\u00a0www.fcl-portastampi.it\u00a0o conferiti direttamente dall\u2019interessato attraverso la [&hellip;]<\/p>\n","protected":false},"author":1,"featured_media":0,"parent":0,"menu_order":0,"comment_status":"closed","ping_status":"closed","template":"","meta":{"ocean_post_layout":"full-screen","ocean_both_sidebars_style":"","ocean_both_sidebars_content_width":0,"ocean_both_sidebars_sidebars_width":0,"ocean_sidebar":"","ocean_second_sidebar":"","ocean_disable_margins":"enable","ocean_add_body_class":"","ocean_shortcode_before_top_bar":"","ocean_shortcode_after_top_bar":"","ocean_shortcode_before_header":"","ocean_shortcode_after_header":"","ocean_has_shortcode":"","ocean_shortcode_after_title":"","ocean_shortcode_before_footer_widgets":"","ocean_shortcode_after_footer_widgets":"","ocean_shortcode_before_footer_bottom":"","ocean_shortcode_after_footer_bottom":"","ocean_display_top_bar":"default","ocean_display_header":"default","ocean_header_style":"","ocean_center_header_left_menu":"","ocean_custom_header_template":"","ocean_custom_logo":0,"ocean_custom_retina_logo":0,"ocean_custom_logo_max_width":0,"ocean_custom_logo_tablet_max_width":0,"ocean_custom_logo_mobile_max_width":0,"ocean_custom_logo_max_height":0,"ocean_custom_logo_tablet_max_height":0,"ocean_custom_logo_mobile_max_height":0,"ocean_header_custom_menu":"","ocean_menu_typo_font_family":"","ocean_menu_typo_font_subset":"","ocean_menu_typo_font_size":0,"ocean_menu_typo_font_size_tablet":0,"ocean_menu_typo_font_size_mobile":0,"ocean_menu_typo_font_size_unit":"px","ocean_menu_typo_font_weight":"","ocean_menu_typo_font_weight_tablet":"","ocean_menu_typo_font_weight_mobile":"","ocean_menu_typo_transform":"","ocean_menu_typo_transform_tablet":"","ocean_menu_typo_transform_mobile":"","ocean_menu_typo_line_height":0,"ocean_menu_typo_line_height_tablet":0,"ocean_menu_typo_line_height_mobile":0,"ocean_menu_typo_line_height_unit":"","ocean_menu_typo_spacing":0,"ocean_menu_typo_spacing_tablet":0,"ocean_menu_typo_spacing_mobile":0,"ocean_menu_typo_spacing_unit":"","ocean_menu_link_color":"","ocean_menu_link_color_hover":"","ocean_menu_link_color_active":"","ocean_menu_link_background":"","ocean_menu_link_hover_background":"","ocean_menu_link_active_background":"","ocean_menu_social_links_bg":"","ocean_menu_social_hover_links_bg":"","ocean_menu_social_links_color":"","ocean_menu_social_hover_links_color":"","ocean_disable_title":"on","ocean_disable_heading":"default","ocean_post_title":"","ocean_post_subheading":"","ocean_post_title_style":"","ocean_post_title_background_color":"","ocean_post_title_background":0,"ocean_post_title_bg_image_position":"","ocean_post_title_bg_image_attachment":"","ocean_post_title_bg_image_repeat":"","ocean_post_title_bg_image_size":"","ocean_post_title_height":0,"ocean_post_title_bg_overlay":0.5,"ocean_post_title_bg_overlay_color":"","ocean_disable_breadcrumbs":"default","ocean_breadcrumbs_color":"","ocean_breadcrumbs_separator_color":"","ocean_breadcrumbs_links_color":"","ocean_breadcrumbs_links_hover_color":"","ocean_display_footer_widgets":"default","ocean_display_footer_bottom":"default","ocean_custom_footer_template":"","footnotes":""},"class_list":["post-606","page","type-page","status-publish","hentry","entry"],"_links":{"self":[{"href":"https:\/\/www.fcl-portastampi.it\/index.php\/wp-json\/wp\/v2\/pages\/606","targetHints":{"allow":["GET"]}}],"collection":[{"href":"https:\/\/www.fcl-portastampi.it\/index.php\/wp-json\/wp\/v2\/pages"}],"about":[{"href":"https:\/\/www.fcl-portastampi.it\/index.php\/wp-json\/wp\/v2\/types\/page"}],"author":[{"embeddable":true,"href":"https:\/\/www.fcl-portastampi.it\/index.php\/wp-json\/wp\/v2\/users\/1"}],"replies":[{"embeddable":true,"href":"https:\/\/www.fcl-portastampi.it\/index.php\/wp-json\/wp\/v2\/comments?post=606"}],"version-history":[{"count":4,"href":"https:\/\/www.fcl-portastampi.it\/index.php\/wp-json\/wp\/v2\/pages\/606\/revisions"}],"predecessor-version":[{"id":610,"href":"https:\/\/www.fcl-portastampi.it\/index.php\/wp-json\/wp\/v2\/pages\/606\/revisions\/610"}],"wp:attachment":[{"href":"https:\/\/www.fcl-portastampi.it\/index.php\/wp-json\/wp\/v2\/media?parent=606"}],"curies":[{"name":"wp","href":"https:\/\/api.w.org\/{rel}","templated":true}]}}